{"version":"1.0","provider_name":"Amed Tur","provider_url":"https:\/\/www.amedtur.com","author_name":"admin","author_url":"https:\/\/www.amedtur.com\/index.php\/author\/admin\/","title":"Karadeniz Turlar\u0131 ile Ye\u015filin Her Tonunu Ke\u015ffedin - Amed Tur","type":"rich","width":600,"height":338,"html":"<blockquote class=\"wp-embedded-content\" data-secret=\"9hFS9LKkRw\"><a href=\"https:\/\/www.amedtur.com\/index.php\/2025\/02\/10\/karadeniz-turlari-ile-yesilin-her-tonunu-kesfedin\/\">Karadeniz Turlar\u0131 ile Ye\u015filin Her Tonunu Ke\u015ffedin<\/a><\/blockquote><iframe sandbox=\"allow-scripts\" security=\"restricted\" src=\"https:\/\/www.amedtur.com\/index.php\/2025\/02\/10\/karadeniz-turlari-ile-yesilin-her-tonunu-kesfedin\/embed\/#?secret=9hFS9LKkRw\" width=\"600\" height=\"338\" title=\"&#8220;Karadeniz Turlar\u0131 ile Ye\u015filin Her Tonunu Ke\u015ffedin&#8221; &#8212; Amed Tur\" data-secret=\"9hFS9LKkRw\" frameborder=\"0\" marginwidth=\"0\" marginheight=\"0\" scrolling=\"no\" class=\"wp-embedded-content\"><\/iframe><script type=\"text\/javascript\">\n\/* <![CDATA[ *\/\n\/*! This file is auto-generated *\/\n!function(d,l){\"use strict\";l.querySelector&&d.addEventListener&&\"undefined\"!=typeof URL&&(d.wp=d.wp||{},d.wp.receiveEmbedMessage||(d.wp.receiveEmbedMessage=function(e){var t=e.data;if((t||t.secret||t.message||t.value)&&!\/[^a-zA-Z0-9]\/.test(t.secret)){for(var s,r,n,a=l.querySelectorAll('iframe[data-secret=\"'+t.secret+'\"]'),o=l.querySelectorAll('blockquote[data-secret=\"'+t.secret+'\"]'),c=new RegExp(\"^https?:$\",\"i\"),i=0;i<o.length;i++)o[i].style.display=\"none\";for(i=0;i<a.length;i++)s=a[i],e.source===s.contentWindow&&(s.removeAttribute(\"style\"),\"height\"===t.message?(1e3<(r=parseInt(t.value,10))?r=1e3:~~r<200&&(r=200),s.height=r):\"link\"===t.message&&(r=new URL(s.getAttribute(\"src\")),n=new URL(t.value),c.test(n.protocol))&&n.host===r.host&&l.activeElement===s&&(d.top.location.href=t.value))}},d.addEventListener(\"message\",d.wp.receiveEmbedMessage,!1),l.addEventListener(\"DOMContentLoaded\",function(){for(var e,t,s=l.querySelectorAll(\"iframe.wp-embedded-content\"),r=0;r<s.length;r++)(t=(e=s[r]).getAttribute(\"data-secret\"))||(t=Math.random().toString(36).substring(2,12),e.src+=\"#?secret=\"+t,e.setAttribute(\"data-secret\",t)),e.contentWindow.postMessage({message:\"ready\",secret:t},\"*\")},!1)))}(window,document);\n\/* ]]> *\/\n<\/script>\n","thumbnail_url":"http:\/\/www.amedtur.com\/wp-content\/uploads\/2025\/02\/east-black-sea-3522133_640.jpg","thumbnail_width":640,"thumbnail_height":427,"description":"Karadeniz, do\u011fas\u0131, yaylalar\u0131 ve k\u00fclt\u00fcrel zenginlikleriyle T\u00fcrkiye\u2019nin en \u00f6zel b\u00f6lgelerinden biridir. Yemye\u015fil ormanlar\u0131, serin yaylalar\u0131 ve s\u0131cakkanl\u0131 insanlar\u0131yla Karadeniz, her y\u0131l binlerce turisti kendine \u00e7eker. Diyarbak\u0131r\u2019dan Karadeniz\u2019e gitmek isteyenler i\u00e7in Keyftur\u2019un d\u00fczenledi\u011fi Diyarbak\u0131r \u00e7\u0131k\u0131\u015fl\u0131 Karadeniz turlar\u0131, kat\u0131l\u0131mc\u0131lara bu e\u015fsiz b\u00f6lgeyi ke\u015ffetme f\u0131rsat\u0131 sunuyor. Karadeniz turlar\u0131n\u0131n en pop\u00fcler duraklar\u0131ndan biri olan Trabzon, tarihi ve do\u011fal g\u00fczellikleriyle [&hellip;]"}